{"id":184474,"date":"2026-01-21T11:52:30","date_gmt":"2026-01-21T11:52:30","guid":{"rendered":"https:\/\/www.realclubdegolfelprat.com\/?page_id=184474"},"modified":"2026-03-18T13:00:39","modified_gmt":"2026-03-18T13:00:39","slug":"estrella-damm-catalunnya-championship","status":"publish","type":"page","link":"https:\/\/www.realclubdegolfelprat.com\/ca\/estrella-damm-catalunnya-championship\/","title":{"rendered":"DP WORLD TOUR EDCC"},"content":{"rendered":"<div class=\"wpb-content-wrapper\"><p>[vc_row css=&#8221;.vc_custom_1687843217489{margin-top: 0px !important;margin-bottom: 50px !important;}&#8221;][vc_column thsn-bg-image-position=&#8221;center-top&#8221;]<div  class=\"thsn-single-image-w thsn-single-hover-yes  thsn-small-text-pos-bottom\"><img loading=\"lazy\" decoding=\"async\" width=\"847\" height=\"127\" src=\"https:\/\/www.realclubdegolfelprat.com\/wp-content\/uploads\/2026\/01\/EDCC_Club-Shield_Secondary_FCS_RGB-1024x153.jpg\" class=\"thsn_vc_single_image-img attachment-large\" alt=\"\" title=\"EDCC_Club Shield_Secondary_FCS_RGB\" srcset=\"https:\/\/www.realclubdegolfelprat.com\/wp-content\/uploads\/2026\/01\/EDCC_Club-Shield_Secondary_FCS_RGB-1024x153.jpg 1024w, https:\/\/www.realclubdegolfelprat.com\/wp-content\/uploads\/2026\/01\/EDCC_Club-Shield_Secondary_FCS_RGB-300x45.jpg 300w, https:\/\/www.realclubdegolfelprat.com\/wp-content\/uploads\/2026\/01\/EDCC_Club-Shield_Secondary_FCS_RGB-768x115.jpg 768w, https:\/\/www.realclubdegolfelprat.com\/wp-content\/uploads\/2026\/01\/EDCC_Club-Shield_Secondary_FCS_RGB-1536x230.jpg 1536w, https:\/\/www.realclubdegolfelprat.com\/wp-content\/uploads\/2026\/01\/EDCC_Club-Shield_Secondary_FCS_RGB-2048x307.jpg 2048w, https:\/\/www.realclubdegolfelprat.com\/wp-content\/uploads\/2026\/01\/EDCC_Club-Shield_Secondary_FCS_RGB-770x115.jpg 770w\" sizes=\"auto, (max-width: 847px) 100vw, 847px\" data-id=\"184317\" \/><\/div>[\/vc_column][\/vc_row][vc_row][vc_column][\/vc_column][\/vc_row][vc_row css=&#8221;.vc_custom_1768999368405{margin-top: 30px !important;margin-left: 15px !important;}&#8221;][vc_column width=&#8221;2\/3&#8243; css=&#8221;.vc_custom_1768999260612{margin-right: 60px !important;}&#8221;][vc_column_text css=&#8221;.vc_custom_1769439240073{margin-top: 30px !important;margin-right: 60px !important;}&#8221;]<\/p>\n<p data-start=\"587\" data-end=\"808\">El <strong data-start=\"246\" data-end=\"263\">DP World Tour<\/strong> tornar\u00e0 al <strong data-start=\"275\" data-end=\"305\">Real Club de Golf El Prat<\/strong>, que acollir\u00e0 l\u2019<strong data-start=\"322\" data-end=\"367\">Estrella <a href=\"https:\/\/www.europeantour.com\/dpworld-tour\/estrella-damm-catalunya-championship-2026\/\">Damm Catalunya Championship 2026<\/a><\/strong>, consolidant-se una vegada m\u00e9s com una de les seus de refer\u00e8ncia del golf professional a Europa.<\/p>\n<p>[\/vc_column_text][\/vc_column][vc_column width=&#8221;1\/3&#8243; css=&#8221;.vc_custom_1768999385646{margin-top: 40px !important;margin-left: 15px !important;}&#8221;][vc_empty_space height=&#8221;30 px&#8221;][\/vc_column][\/vc_row][vc_row css=&#8221;.vc_custom_1675231348353{margin-top: 0px !important;margin-bottom: 30px !important;}&#8221;][vc_column][vc_empty_space height=&#8221;60px&#8221;][vc_btn title=&#8221;TOTA LA INFORMACI\u00d3 AQU\u00cd&#8221; align=&#8221;center&#8221; css=&#8221;&#8221; link=&#8221;url:https%3A%2F%2Fwww.estrelladammcatalunyachampionship.golf%2Fca%2F&#8221;][\/vc_column][\/vc_row][vc_row css=&#8221;.vc_custom_1675231348353{margin-top: 0px !important;margin-bottom: 30px !important;}&#8221;][vc_column width=&#8221;1\/2&#8243;][vc_empty_space height=&#8221;60px&#8221;]<div  class=\"thsn-single-image-w thsn-single-hover-yes  thsn-small-text-pos-bottom\"><img loading=\"lazy\" decoding=\"async\" width=\"987\" height=\"617\" src=\"https:\/\/www.realclubdegolfelprat.com\/wp-content\/uploads\/2025\/04\/depuradora-web-3.jpg\" class=\"thsn_vc_single_image-img attachment-full\" alt=\"\" title=\"depuradora web 3\" srcset=\"https:\/\/www.realclubdegolfelprat.com\/wp-content\/uploads\/2025\/04\/depuradora-web-3.jpg 987w, https:\/\/www.realclubdegolfelprat.com\/wp-content\/uploads\/2025\/04\/depuradora-web-3-300x188.jpg 300w, https:\/\/www.realclubdegolfelprat.com\/wp-content\/uploads\/2025\/04\/depuradora-web-3-768x480.jpg 768w, https:\/\/www.realclubdegolfelprat.com\/wp-content\/uploads\/2025\/04\/depuradora-web-3-770x481.jpg 770w\" sizes=\"auto, (max-width: 987px) 100vw, 987px\" data-id=\"183114\" \/><\/div>[\/vc_column][vc_column width=&#8221;1\/2&#8243;][vc_empty_space height=&#8221;30px&#8221;][vc_column_text css=&#8221;&#8221;]<\/p>\n<p data-start=\"561\" data-end=\"724\">El torneig es disputar\u00e0 al <strong data-start=\"588\" data-end=\"607\">Recorregut Rosa<\/strong>, dissenyat per <strong data-start=\"623\" data-end=\"638\">Greg Norman<\/strong> i reconegut per publicacions internacionals com un dels millors recorreguts d\u2019Europa.<\/p>\n<p data-start=\"726\" data-end=\"742\"><strong data-start=\"726\" data-end=\"742\">Destaca per:<\/strong><\/p>\n<ul data-start=\"743\" data-end=\"869\">\n<li data-start=\"743\" data-end=\"776\">\n<p data-start=\"745\" data-end=\"776\">La seva exig\u00e8ncia estrat\u00e8gica<\/p>\n<\/li>\n<li data-start=\"777\" data-end=\"814\">\n<p data-start=\"779\" data-end=\"814\">L\u2019excel\u00b7lent estat de manteniment<\/p>\n<\/li>\n<li data-start=\"815\" data-end=\"869\">\n<p data-start=\"817\" data-end=\"869\">La qualitat del disseny i del set-up de competici\u00f3<\/p>\n<\/li>\n<\/ul>\n<p data-start=\"871\" data-end=\"972\">Aquesta ser\u00e0 l\u2019<strong data-start=\"886\" data-end=\"903\">onzena ocasi\u00f3<\/strong> en qu\u00e8 el recorregut acull un torneig oficial del <strong data-start=\"954\" data-end=\"971\">DP World Tour<\/strong>.<\/p>\n<p>[\/vc_column_text][\/vc_column][\/vc_row][vc_row thsn-extended-column=&#8221;both&#8221;][vc_column thsn-bg-image-position=&#8221;center-top&#8221;][vc_separator color=&#8221;custom&#8221; el_width=&#8221;70&#8243; css=&#8221;&#8221; accent_color=&#8221;#d6b36a&#8221;][vc_empty_space height=&#8221;30px&#8221;][\/vc_column][\/vc_row][vc_row css=&#8221;.vc_custom_1769094778477{margin-top: 50px !important;margin-bottom: 0px !important;}&#8221;][vc_column thsn-bg-image-position=&#8221;right-top&#8221; width=&#8221;1\/2&#8243;][\/vc_column][vc_column width=&#8221;1\/2&#8243;][\/vc_column][\/vc_row][vc_row css=&#8221;.vc_custom_1769094778477{margin-top: 50px !important;margin-bottom: 0px !important;}&#8221;][vc_column thsn-bg-image-position=&#8221;right-top&#8221;][vc_column_text css=&#8221;.vc_custom_1773829956207{margin-top: 30px !important;}&#8221;]<\/p>\n<p data-start=\"63\" data-end=\"163\">Les entrades per a l\u2019Estrella Damm Catalunya Championship <strong>ja estan disponibles<\/strong> als botons de dalt.<\/p>\n<p data-start=\"165\" data-end=\"305\">Recordem que cada soci disposa d\u2019<strong>una entrada gratu\u00efta,<\/strong> aix\u00ed com de fins a <strong>quatre entrades amb descomptes exclusius<\/strong> per als seus convidats.<\/p>\n<p data-start=\"307\" data-end=\"428\">Els convidats menors de <strong>12 anys<\/strong> podran accedir gratu\u00eftament i els joves entre <strong>13 i 17 anys<\/strong> disposaran d\u2019un preu redu\u00eft.<\/p>\n<p data-start=\"430\" data-end=\"525\">Per accedir a l\u2019enlla\u00e7 de compra, <strong>la clau d\u2019acc\u00e9s \u00e9s el DNI del soci<\/strong> (incloent-hi la lletra).<\/p>\n<p>[\/vc_column_text][\/vc_column][\/vc_row][vc_row thsn-bg-image-position=&#8221;center-center&#8221; css=&#8221;.vc_custom_1769103066818{margin-top: 50px !important;margin-bottom: 30px !important;}&#8221;][vc_column][vc_separator color=&#8221;custom&#8221; el_width=&#8221;70&#8243; css=&#8221;&#8221; accent_color=&#8221;#d6b36a&#8221;][vc_column_text css=&#8221;&#8221;]<\/p>\n<p data-start=\"3182\" data-end=\"3269\">Les entrades per a l\u2019<strong data-start=\"3203\" data-end=\"3248\">Estrella Damm Catalunya Championship 2026<\/strong> e<span style=\"letter-spacing: 0px;\">s poden adquirir a trav\u00e9s de la <\/span><strong style=\"letter-spacing: 0px;\" data-start=\"3304\" data-end=\"3364\">plataforma oficial de venda d\u2019entrades del DP World Tour<\/strong><span style=\"letter-spacing: 0px;\">, que gestiona totes les localitats del torneig. Des d\u2019aquest enlla\u00e7 podr\u00e0s seleccionar el tipus d\u2019entrada que necessitis (adult, jove, j\u00fanior, etc.) i completar la compra de manera segura.<\/span><\/p>\n<p data-start=\"3555\" data-end=\"3859\">Cal tenir en compte que el Club no gestiona directament la venda d\u2019entrades. Per a qualsevol dubte o consulta que no quedi resolta a la secci\u00f3 de preguntes freq\u00fcents de la pr\u00f2pia plataforma, pots contactar directament amb l\u2019equip de ticketing del DP World Tour a: <strong data-start=\"3824\" data-end=\"3859\"><a class=\"decorated-link cursor-pointer\" href=\"mailto:ticketing@europeantourgroup.com\" rel=\"noopener\" data-start=\"3826\" data-end=\"3857\">ticketing@europeantourgroup.com<\/a><\/strong><\/p>\n<p>[\/vc_column_text][vc_btn title=&#8221;COMPRA LES TEVES ENTRADES&#8221; align=&#8221;center&#8221; css=&#8221;&#8221; link=&#8221;url:https%3A%2F%2Ftickets.europeantour.com%2Feut%2Fgo%2Fdc6424d8-b289-4850-9e8a-b8ab4cd43914%2Fshop%2Fproduct-first%3Ffac%3DEUT%26locale%3Des%26skin%3Dpgaetedcc%26utm_campaign%3DEDCC%26utm_content%3DOnSale%26utm_medium%3DWeb%26utm_source%3DPressRelease%26utm_term%3DEventAnnouncement&#8221;][vc_separator color=&#8221;custom&#8221; el_width=&#8221;70&#8243; css=&#8221;&#8221; accent_color=&#8221;#d6b36a&#8221;][\/vc_column][\/vc_row][vc_row css=&#8221;.vc_custom_1704783556148{margin-top: 50px !important;margin-bottom: 30px !important;}&#8221;][vc_column width=&#8221;1\/2&#8243;][vc_column_text css=&#8221;&#8221;]<\/p>\n<p data-start=\"1033\" data-end=\"1284\">Aquesta edici\u00f3 suposar\u00e0 l\u2019<strong data-start=\"1059\" data-end=\"1076\">onzena vegada<\/strong> que el <strong data-start=\"1084\" data-end=\"1114\">Reial Club de Golf El Prat<\/strong> actua com a seu d\u2019un torneig del DP World Tour, refor\u00e7ant la seva posici\u00f3 com un dels clubs amb m\u00e9s experi\u00e8ncia en l\u2019organitzaci\u00f3 de competicions professionals a Europa.<\/p>\n<p data-start=\"1286\" data-end=\"1524\">El Club no acollia un torneig del circuit des del 2015 i compta amb una traject\u00f2ria contrastada, havent organitzat <strong data-start=\"1401\" data-end=\"1451\">m\u00e9s de 250 tornejos nacionals i internacionals<\/strong>, aix\u00ed com grans competicions professionals al llarg de la seva hist\u00f2ria.<\/p>\n<p>[\/vc_column_text][\/vc_column][vc_column width=&#8221;1\/2&#8243;][vc_empty_space height=&#8221;50px&#8221;][vc_single_image image=&#8221;184364&#8243; img_size=&#8221;full&#8221; alignment=&#8221;center&#8221; css=&#8221;&#8221;][\/vc_column][\/vc_row][vc_row disable_element=&#8221;yes&#8221; css=&#8221;.vc_custom_1769101277162{margin-top: 50px !important;}&#8221;][vc_column][vc_column_text css=&#8221;.vc_custom_1769100673135{margin-top: 30px !important;}&#8221;]<\/p>\n<p data-start=\"385\" data-end=\"721\">La edici\u00f3n 2026 del Estrella Damm Catalunya Championship tendr\u00e1 un significado especialmente emotivo para el Real Club de Golf El Prat, ya que se celebrar\u00e1 <strong data-start=\"541\" data-end=\"629\">coincidiendo en fechas con el aniversario del fallecimiento de Severiano Ballesteros<\/strong>, ocurrido durante la disputa del Open de Espa\u00f1a de 2011, que tambi\u00e9n tuvo lugar en el Club.<\/p>\n<p data-start=\"723\" data-end=\"996\">Quince a\u00f1os despu\u00e9s, el DP World Tour regresa a El Prat en unas fechas muy simb\u00f3licas, lo que permitir\u00e1 rendir <strong data-start=\"834\" data-end=\"881\">un sentido homenaje a Severiano Ballesteros<\/strong>, una de las figuras m\u00e1s influyentes de la historia del golf y estrechamente ligada al legado competitivo del Club.<\/p>\n<p>[\/vc_column_text][\/vc_column][\/vc_row][vc_row thsn-extended-column=&#8221;both&#8221; disable_element=&#8221;yes&#8221;][vc_column thsn-bg-image-position=&#8221;center-top&#8221;][vc_empty_space height=&#8221;30px&#8221;][vc_single_image image=&#8221;184387&#8243; img_size=&#8221;full&#8221; add_caption=&#8221;yes&#8221; alignment=&#8221;center&#8221; css=&#8221;&#8221;][\/vc_column][\/vc_row][vc_row css=&#8221;.vc_custom_1704783556148{margin-top: 50px !important;margin-bottom: 30px !important;}&#8221;][vc_column width=&#8221;1\/2&#8243;][vc_empty_space height=&#8221;80px&#8221;][vc_single_image image=&#8221;184409&#8243; img_size=&#8221;full&#8221; alignment=&#8221;center&#8221; css=&#8221;&#8221;][\/vc_column][vc_column width=&#8221;1\/2&#8243;][vc_column_text css=&#8221;&#8221;]<\/p>\n<p data-start=\"1618\" data-end=\"1860\">L\u2019<strong data-start=\"1620\" data-end=\"1665\">Estrella Damm Catalunya Championship 2026<\/strong> donar\u00e0 el tret de sortida al <strong data-start=\"1695\" data-end=\"1721\">Road to Ryder Cup 2031<\/strong>, el recorregut de grans esdeveniments que culminar\u00e0 amb la celebraci\u00f3 de la <strong data-start=\"1798\" data-end=\"1828\">Ryder Cup 2031 a Catalunya<\/strong>, que tindr\u00e0 lloc a <strong data-start=\"1848\" data-end=\"1859\">Camiral<\/strong>.<\/p>\n<p data-start=\"1862\" data-end=\"2165\">La incorporaci\u00f3 del torneig al <strong data-start=\"1893\" data-end=\"1915\">Race to Dubai 2026<\/strong> i al <strong data-start=\"1921\" data-end=\"1942\">Road to Ryder Cup<\/strong> refor\u00e7a el paper de Catalunya com a territori estrat\u00e8gic per al golf internacional, en un context hist\u00f2ric en qu\u00e8 <strong data-start=\"2057\" data-end=\"2164\">Espanya es convertir\u00e0 en el primer pa\u00eds de l\u2019Europa continental a acollir la Ryder Cup en dues ocasions<\/strong>.<\/p>\n<p>[\/vc_column_text][\/vc_column][\/vc_row][vc_row css=&#8221;.vc_custom_1704783556148{margin-top: 50px !important;margin-bottom: 30px !important;}&#8221;][vc_column width=&#8221;2\/3&#8243;][vc_column_text css=&#8221;&#8221;]<\/p>\n<p data-start=\"170\" data-end=\"392\">L\u2019<strong data-start=\"2202\" data-end=\"2242\">Estrella Damm Catalunya Championship<\/strong> comptar\u00e0 amb la pres\u00e8ncia de destacats jugadors espanyols del DP World Tour, que competiran a casa, al Reial Club de Golf El Prat:<\/p>\n<p>[\/vc_column_text][vc_column_text css=&#8221;&#8221;]<\/p>\n<ul data-start=\"394\" data-end=\"1194\">\n<li data-start=\"394\" data-end=\"685\">\n<p data-start=\"396\" data-end=\"685\"><strong data-start=\"396\" data-end=\"437\"><span class=\"hover:entity-accent entity-underline inline cursor-pointer align-baseline\"><span class=\"whitespace-normal\">Pablo Larraz\u00e1bal<\/span><\/span><\/strong><\/p>\n<p data-start=\"2392\" data-end=\"2658\">Guanyador en <strong data-start=\"2415\" data-end=\"2448\">nou ocasions al DP World Tour<\/strong>, nascut a Barcelona i soci del Reial Club de Golf El Prat, torna al club on va cr\u00e9ixer com a jugador. Guanyador de l\u2019<strong data-start=\"2566\" data-end=\"2598\">ISPS Handa Championship 2022<\/strong>, buscar\u00e0 sumar una nova vict\u00f2ria en territori espanyol.<\/p>\n<\/li>\n<\/ul>\n<p>[\/vc_column_text][vc_column_text css=&#8221;&#8221;]<\/p>\n<ul data-start=\"394\" data-end=\"1194\">\n<li data-start=\"687\" data-end=\"944\">\n<p data-start=\"689\" data-end=\"944\"><strong data-start=\"689\" data-end=\"730\"><span class=\"hover:entity-accent entity-underline inline cursor-pointer align-baseline\"><span class=\"whitespace-normal\">Nacho Elvira<\/span><\/span><\/strong><br data-start=\"730\" data-end=\"733\" \/>Arriba a Catalunya despr\u00e9s d\u2019un excel\u00b7lent inici de temporada, amb la seva <strong data-start=\"2754\" data-end=\"2791\">tercera vict\u00f2ria al DP World Tour<\/strong> aconseguida al <strong data-start=\"2807\" data-end=\"2834\">Dubai Invitational 2026<\/strong>. El jugador buscar\u00e0 assolir el seu <strong data-start=\"2870\" data-end=\"2910\">primer triomf professional a Espanya<\/strong>.<\/p>\n<\/li>\n<\/ul>\n<p>[\/vc_column_text][vc_column_text css=&#8221;&#8221;]<\/p>\n<ul data-start=\"394\" data-end=\"1194\">\n<li data-start=\"946\" data-end=\"1194\">\n<p data-start=\"948\" data-end=\"1194\"><strong data-start=\"948\" data-end=\"989\"><span class=\"hover:entity-accent entity-underline inline cursor-pointer align-baseline\"><span class=\"whitespace-normal\">\u00c1ngel Ayora<\/span><\/span><\/strong><\/p>\n<p data-start=\"2918\" data-end=\"3129\">Una de les joves promeses del golf espanyol. Despr\u00e9s de finalitzar <strong data-start=\"3002\" data-end=\"3045\">quart al Road to Mallorca Rankings 2024<\/strong> i <strong data-start=\"3048\" data-end=\"3077\">20\u00e8 al Race to Dubai 2025<\/strong>, competir\u00e0 de nou davant el p\u00fablic local a Barcelona.<\/p>\n<\/li>\n<\/ul>\n<p>[\/vc_column_text][\/vc_column][vc_column width=&#8221;1\/3&#8243;][vc_empty_space height=&#8221;40px&#8221;]<div  class=\"thsn-single-image-w thsn-single-hover-yes  thsn-small-text-pos-bottom\"><img loading=\"lazy\" decoding=\"async\" width=\"640\" height=\"800\" src=\"https:\/\/www.realclubdegolfelprat.com\/wp-content\/uploads\/2026\/01\/EDCC_ENG_4x5.jpg\" class=\"thsn_vc_single_image-img attachment-large\" alt=\"\" title=\"EDCC_ENG_4x5\" srcset=\"https:\/\/www.realclubdegolfelprat.com\/wp-content\/uploads\/2026\/01\/EDCC_ENG_4x5.jpg 640w, https:\/\/www.realclubdegolfelprat.com\/wp-content\/uploads\/2026\/01\/EDCC_ENG_4x5-240x300.jpg 240w, https:\/\/www.realclubdegolfelprat.com\/wp-content\/uploads\/2026\/01\/EDCC_ENG_4x5-600x750.jpg 600w\" sizes=\"auto, (max-width: 640px) 100vw, 640px\" data-id=\"184448\" \/><\/div>[\/vc_column][\/vc_row][vc_row thsn-bg-image-position=&#8221;center-center&#8221; css=&#8221;.vc_custom_1769103066818{margin-top: 50px !important;margin-bottom: 30px !important;}&#8221;][vc_column][vc_separator color=&#8221;custom&#8221; el_width=&#8221;70&#8243; css=&#8221;&#8221; accent_color=&#8221;#d6b36a&#8221;][vc_column_text css=&#8221;&#8221;]<\/p>\n<p data-start=\"178\" data-end=\"619\">Una oportunitat per <strong data-start=\"198\" data-end=\"240\">viure el golf professional des de dins<\/strong>, col\u00b7laborar en l\u2019organitzaci\u00f3 d\u2019un esdeveniment internacional de primer nivell i compartir una experi\u00e8ncia \u00fanica en un entorn privilegiat. El programa de voluntariat compta amb <strong data-start=\"419\" data-end=\"442\">diverses categories<\/strong> i, durant la inscripci\u00f3, podr\u00e0s <strong data-start=\"475\" data-end=\"509\">indicar les teves prefer\u00e8ncies<\/strong>. Com a reconeixement, els voluntaris rebran la <strong data-start=\"557\" data-end=\"618\">uniformitat oficial del torneig i un obsequi commemoratiu<\/strong>.<\/p>\n<p data-start=\"621\" data-end=\"715\">Si tens <strong data-start=\"629\" data-end=\"646\">16 anys o m\u00e9s<\/strong>, t\u2019animem a formar part del campionat des del cor de l\u2019esdeveniment.<\/p>\n<p>[\/vc_column_text][vc_btn title=&#8221;INSCRIU-TE COM A VOLUNTARI&#8221; align=&#8221;center&#8221; css=&#8221;&#8221; link=&#8221;url:https%3A%2F%2Fvolunteer.bloomerang.co%3A443%2FJE%2Fx6d5gflyf4myap&#8221;][vc_separator color=&#8221;custom&#8221; el_width=&#8221;70&#8243; css=&#8221;&#8221; accent_color=&#8221;#d6b36a&#8221;][\/vc_column][\/vc_row]<\/p>\n<\/div>","protected":false},"excerpt":{"rendered":"<p>[vc_row css=&#8221;.vc_custom_1687843217489{margin-top: 0px !important;margin-bottom: 50px !important;}&#8221;][vc_column thsn-bg-image-position=&#8221;center-top&#8221;][\/vc_column][\/vc_row][vc_row][vc_column][\/vc_column][\/vc_row][vc_row css=&#8221;.vc_custom_1768999368405{margin-top: 30px !important;margin-left: 15px !important;}&#8221;][vc_column width=&#8221;2\/3&#8243; css=&#8221;.vc_custom_1768999260612{margin-right: 60px !important;}&#8221;][vc_column_text css=&#8221;.vc_custom_1769439240073{margin-top: 30px !important;margin-right: 60px !important;}&#8221;] El DP World Tour tornar\u00e0 al Real Club de Golf El Prat, que acollir\u00e0 l\u2019Estrella Damm Catalunya Championship 2026, consolidant-se una vegada m\u00e9s com una de les seus de refer\u00e8ncia del golf professional a [&hellip;]<\/p>\n","protected":false},"author":1854,"featured_media":0,"parent":0,"menu_order":8,"comment_status":"closed","ping_status":"closed","template":"","meta":{"_acf_changed":false,"footnotes":""},"class_list":["post-184474","page","type-page","status-publish","hentry"],"acf":[],"yoast_head":"<!-- This site is optimized with the Yoast SEO plugin v27.4 - https:\/\/yoast.com\/product\/yoast-seo-wordpress\/ -->\n<title>DP WORLD TOUR EDCC - Real Club de Golf El Prat - Barcelona<\/title>\n<meta name=\"robots\" content=\"index, follow, max-snippet:-1, max-image-preview:large, max-video-preview:-1\" \/>\n<link rel=\"canonical\" href=\"https:\/\/www.realclubdegolfelprat.com\/ca\/estrella-damm-catalunnya-championship\/\" \/>\n<meta property=\"og:locale\" content=\"ca_ES\" \/>\n<meta property=\"og:type\" content=\"article\" \/>\n<meta property=\"og:title\" content=\"DP WORLD TOUR EDCC - Real Club de Golf El Prat - Barcelona\" \/>\n<meta property=\"og:description\" content=\"[vc_row css=&#8221;.vc_custom_1687843217489{margin-top: 0px !important;margin-bottom: 50px !important;}&#8221;][vc_column thsn-bg-image-position=&#8221;center-top&#8221;][\/vc_column][\/vc_row][vc_row][vc_column][\/vc_column][\/vc_row][vc_row css=&#8221;.vc_custom_1768999368405{margin-top: 30px !important;margin-left: 15px !important;}&#8221;][vc_column width=&#8221;2\/3&#8243; css=&#8221;.vc_custom_1768999260612{margin-right: 60px !important;}&#8221;][vc_column_text css=&#8221;.vc_custom_1769439240073{margin-top: 30px !important;margin-right: 60px !important;}&#8221;] El DP World Tour tornar\u00e0 al Real Club de Golf El Prat, que acollir\u00e0 l\u2019Estrella Damm Catalunya Championship 2026, consolidant-se una vegada m\u00e9s com una de les seus de refer\u00e8ncia del golf professional a [&hellip;]\" \/>\n<meta property=\"og:url\" content=\"https:\/\/www.realclubdegolfelprat.com\/ca\/estrella-damm-catalunnya-championship\/\" \/>\n<meta property=\"og:site_name\" content=\"Real Club de Golf El Prat - Barcelona\" \/>\n<meta property=\"article:publisher\" content=\"https:\/\/www.facebook.com\/golfelprat\" \/>\n<meta property=\"article:modified_time\" content=\"2026-03-18T13:00:39+00:00\" \/>\n<meta name=\"twitter:card\" content=\"summary_large_image\" \/>\n<meta name=\"twitter:site\" content=\"@golfelprat\" \/>\n<meta name=\"twitter:label1\" content=\"Temps estimat de lectura\" \/>\n\t<meta name=\"twitter:data1\" content=\"6 minuts\" \/>\n<script type=\"application\/ld+json\" class=\"yoast-schema-graph\">{\"@context\":\"https:\\\/\\\/schema.org\",\"@graph\":[{\"@type\":\"WebPage\",\"@id\":\"https:\\\/\\\/www.realclubdegolfelprat.com\\\/ca\\\/estrella-damm-catalunnya-championship\\\/\",\"url\":\"https:\\\/\\\/www.realclubdegolfelprat.com\\\/ca\\\/estrella-damm-catalunnya-championship\\\/\",\"name\":\"DP WORLD TOUR EDCC - Real Club de Golf El Prat - Barcelona\",\"isPartOf\":{\"@id\":\"https:\\\/\\\/www.realclubdegolfelprat.com\\\/ca\\\/#website\"},\"datePublished\":\"2026-01-21T11:52:30+00:00\",\"dateModified\":\"2026-03-18T13:00:39+00:00\",\"breadcrumb\":{\"@id\":\"https:\\\/\\\/www.realclubdegolfelprat.com\\\/ca\\\/estrella-damm-catalunnya-championship\\\/#breadcrumb\"},\"inLanguage\":\"ca\",\"potentialAction\":[{\"@type\":\"ReadAction\",\"target\":[\"https:\\\/\\\/www.realclubdegolfelprat.com\\\/ca\\\/estrella-damm-catalunnya-championship\\\/\"]}]},{\"@type\":\"BreadcrumbList\",\"@id\":\"https:\\\/\\\/www.realclubdegolfelprat.com\\\/ca\\\/estrella-damm-catalunnya-championship\\\/#breadcrumb\",\"itemListElement\":[{\"@type\":\"ListItem\",\"position\":1,\"name\":\"Portada\",\"item\":\"https:\\\/\\\/www.realclubdegolfelprat.com\\\/ca\\\/\"},{\"@type\":\"ListItem\",\"position\":2,\"name\":\"DP WORLD TOUR EDCC\"}]},{\"@type\":\"WebSite\",\"@id\":\"https:\\\/\\\/www.realclubdegolfelprat.com\\\/ca\\\/#website\",\"url\":\"https:\\\/\\\/www.realclubdegolfelprat.com\\\/ca\\\/\",\"name\":\"Real Club de Golf El Prat - Barcelona\",\"description\":\"Tu club de golf en Barcelona\",\"publisher\":{\"@id\":\"https:\\\/\\\/www.realclubdegolfelprat.com\\\/ca\\\/#organization\"},\"potentialAction\":[{\"@type\":\"SearchAction\",\"target\":{\"@type\":\"EntryPoint\",\"urlTemplate\":\"https:\\\/\\\/www.realclubdegolfelprat.com\\\/ca\\\/?s={search_term_string}\"},\"query-input\":{\"@type\":\"PropertyValueSpecification\",\"valueRequired\":true,\"valueName\":\"search_term_string\"}}],\"inLanguage\":\"ca\"},{\"@type\":\"Organization\",\"@id\":\"https:\\\/\\\/www.realclubdegolfelprat.com\\\/ca\\\/#organization\",\"name\":\"Real Club de Golf El Prat - Barcelona\",\"url\":\"https:\\\/\\\/www.realclubdegolfelprat.com\\\/ca\\\/\",\"logo\":{\"@type\":\"ImageObject\",\"inLanguage\":\"ca\",\"@id\":\"https:\\\/\\\/www.realclubdegolfelprat.com\\\/ca\\\/#\\\/schema\\\/logo\\\/image\\\/\",\"url\":\"https:\\\/\\\/www.realclubdegolfelprat.com\\\/wp-content\\\/uploads\\\/2023\\\/03\\\/logo-rcgep-color-120-95.png\",\"contentUrl\":\"https:\\\/\\\/www.realclubdegolfelprat.com\\\/wp-content\\\/uploads\\\/2023\\\/03\\\/logo-rcgep-color-120-95.png\",\"width\":120,\"height\":95,\"caption\":\"Real Club de Golf El Prat - Barcelona\"},\"image\":{\"@id\":\"https:\\\/\\\/www.realclubdegolfelprat.com\\\/ca\\\/#\\\/schema\\\/logo\\\/image\\\/\"},\"sameAs\":[\"https:\\\/\\\/www.facebook.com\\\/golfelprat\",\"https:\\\/\\\/x.com\\\/golfelprat\",\"https:\\\/\\\/www.linkedin.com\\\/company\\\/rcgep\",\"https:\\\/\\\/www.youtube.com\\\/user\\\/realclubdegolfelprat\",\"https:\\\/\\\/www.instagram.com\\\/golfelprat\\\/\"]}]}<\/script>\n<!-- \/ Yoast SEO plugin. -->","yoast_head_json":{"title":"DP WORLD TOUR EDCC - Real Club de Golf El Prat - Barcelona","robots":{"index":"index","follow":"follow","max-snippet":"max-snippet:-1","max-image-preview":"max-image-preview:large","max-video-preview":"max-video-preview:-1"},"canonical":"https:\/\/www.realclubdegolfelprat.com\/ca\/estrella-damm-catalunnya-championship\/","og_locale":"ca_ES","og_type":"article","og_title":"DP WORLD TOUR EDCC - Real Club de Golf El Prat - Barcelona","og_description":"[vc_row css=&#8221;.vc_custom_1687843217489{margin-top: 0px !important;margin-bottom: 50px !important;}&#8221;][vc_column thsn-bg-image-position=&#8221;center-top&#8221;][\/vc_column][\/vc_row][vc_row][vc_column][\/vc_column][\/vc_row][vc_row css=&#8221;.vc_custom_1768999368405{margin-top: 30px !important;margin-left: 15px !important;}&#8221;][vc_column width=&#8221;2\/3&#8243; css=&#8221;.vc_custom_1768999260612{margin-right: 60px !important;}&#8221;][vc_column_text css=&#8221;.vc_custom_1769439240073{margin-top: 30px !important;margin-right: 60px !important;}&#8221;] El DP World Tour tornar\u00e0 al Real Club de Golf El Prat, que acollir\u00e0 l\u2019Estrella Damm Catalunya Championship 2026, consolidant-se una vegada m\u00e9s com una de les seus de refer\u00e8ncia del golf professional a [&hellip;]","og_url":"https:\/\/www.realclubdegolfelprat.com\/ca\/estrella-damm-catalunnya-championship\/","og_site_name":"Real Club de Golf El Prat - Barcelona","article_publisher":"https:\/\/www.facebook.com\/golfelprat","article_modified_time":"2026-03-18T13:00:39+00:00","twitter_card":"summary_large_image","twitter_site":"@golfelprat","twitter_misc":{"Temps estimat de lectura":"6 minuts"},"schema":{"@context":"https:\/\/schema.org","@graph":[{"@type":"WebPage","@id":"https:\/\/www.realclubdegolfelprat.com\/ca\/estrella-damm-catalunnya-championship\/","url":"https:\/\/www.realclubdegolfelprat.com\/ca\/estrella-damm-catalunnya-championship\/","name":"DP WORLD TOUR EDCC - Real Club de Golf El Prat - Barcelona","isPartOf":{"@id":"https:\/\/www.realclubdegolfelprat.com\/ca\/#website"},"datePublished":"2026-01-21T11:52:30+00:00","dateModified":"2026-03-18T13:00:39+00:00","breadcrumb":{"@id":"https:\/\/www.realclubdegolfelprat.com\/ca\/estrella-damm-catalunnya-championship\/#breadcrumb"},"inLanguage":"ca","potentialAction":[{"@type":"ReadAction","target":["https:\/\/www.realclubdegolfelprat.com\/ca\/estrella-damm-catalunnya-championship\/"]}]},{"@type":"BreadcrumbList","@id":"https:\/\/www.realclubdegolfelprat.com\/ca\/estrella-damm-catalunnya-championship\/#breadcrumb","itemListElement":[{"@type":"ListItem","position":1,"name":"Portada","item":"https:\/\/www.realclubdegolfelprat.com\/ca\/"},{"@type":"ListItem","position":2,"name":"DP WORLD TOUR EDCC"}]},{"@type":"WebSite","@id":"https:\/\/www.realclubdegolfelprat.com\/ca\/#website","url":"https:\/\/www.realclubdegolfelprat.com\/ca\/","name":"Real Club de Golf El Prat - Barcelona","description":"Tu club de golf en Barcelona","publisher":{"@id":"https:\/\/www.realclubdegolfelprat.com\/ca\/#organization"},"potentialAction":[{"@type":"SearchAction","target":{"@type":"EntryPoint","urlTemplate":"https:\/\/www.realclubdegolfelprat.com\/ca\/?s={search_term_string}"},"query-input":{"@type":"PropertyValueSpecification","valueRequired":true,"valueName":"search_term_string"}}],"inLanguage":"ca"},{"@type":"Organization","@id":"https:\/\/www.realclubdegolfelprat.com\/ca\/#organization","name":"Real Club de Golf El Prat - Barcelona","url":"https:\/\/www.realclubdegolfelprat.com\/ca\/","logo":{"@type":"ImageObject","inLanguage":"ca","@id":"https:\/\/www.realclubdegolfelprat.com\/ca\/#\/schema\/logo\/image\/","url":"https:\/\/www.realclubdegolfelprat.com\/wp-content\/uploads\/2023\/03\/logo-rcgep-color-120-95.png","contentUrl":"https:\/\/www.realclubdegolfelprat.com\/wp-content\/uploads\/2023\/03\/logo-rcgep-color-120-95.png","width":120,"height":95,"caption":"Real Club de Golf El Prat - Barcelona"},"image":{"@id":"https:\/\/www.realclubdegolfelprat.com\/ca\/#\/schema\/logo\/image\/"},"sameAs":["https:\/\/www.facebook.com\/golfelprat","https:\/\/x.com\/golfelprat","https:\/\/www.linkedin.com\/company\/rcgep","https:\/\/www.youtube.com\/user\/realclubdegolfelprat","https:\/\/www.instagram.com\/golfelprat\/"]}]}},"_links":{"self":[{"href":"https:\/\/www.realclubdegolfelprat.com\/ca\/wp-json\/wp\/v2\/pages\/184474","targetHints":{"allow":["GET"]}}],"collection":[{"href":"https:\/\/www.realclubdegolfelprat.com\/ca\/wp-json\/wp\/v2\/pages"}],"about":[{"href":"https:\/\/www.realclubdegolfelprat.com\/ca\/wp-json\/wp\/v2\/types\/page"}],"author":[{"embeddable":true,"href":"https:\/\/www.realclubdegolfelprat.com\/ca\/wp-json\/wp\/v2\/users\/1854"}],"replies":[{"embeddable":true,"href":"https:\/\/www.realclubdegolfelprat.com\/ca\/wp-json\/wp\/v2\/comments?post=184474"}],"version-history":[{"count":14,"href":"https:\/\/www.realclubdegolfelprat.com\/ca\/wp-json\/wp\/v2\/pages\/184474\/revisions"}],"predecessor-version":[{"id":184924,"href":"https:\/\/www.realclubdegolfelprat.com\/ca\/wp-json\/wp\/v2\/pages\/184474\/revisions\/184924"}],"wp:attachment":[{"href":"https:\/\/www.realclubdegolfelprat.com\/ca\/wp-json\/wp\/v2\/media?parent=184474"}],"curies":[{"name":"wp","href":"https:\/\/api.w.org\/{rel}","templated":true}]}}